{"id":657,"date":"2020-06-12T12:01:45","date_gmt":"2020-06-12T10:01:45","guid":{"rendered":"http:\/\/jakobtriebel.de\/?page_id=657"},"modified":"2025-10-13T12:17:23","modified_gmt":"2025-10-13T10:17:23","slug":"original-research-articles","status":"publish","type":"page","link":"https:\/\/jakobtriebel.de\/?page_id=657","title":{"rendered":"ORIGINAL RESEARCH ARTICLES"},"content":{"rendered":"\n<p><\/p>\n\n\n\n<p><\/p>\n\n\n\n<div class=\"wp-block-columns is-layout-flex wp-container-core-columns-is-layout-9d6595d7 wp-block-columns-is-layout-flex\">\n<div class=\"wp-block-column is-layout-flow wp-block-column-is-layout-flow\" style=\"flex-basis:25%\">\n<p class=\"has-text-align-right has-small-font-size\">Miguel A. Garc\u00eda-Gonz\u00e1lez, Alejandro D. Miguel-Mart\u00ednez, Abimael Gonz\u00e1lez-Hern\u00e1ndez, Magdalena Zamora, Elva Ad\u00e1n-Castro, Xarubet Ru\u00edz-Herrera, Mar\u00eda A. Carbajo-Mata, Jakob Triebel, Thomas Bertsch, Jos\u00e9 G. Lopez-Lopez, Gonzalo Mart\u00ednez de la Escalera, Juan Pablo Robles, Carmen Clapp, Carlos M. Villal\u00f3n<\/p>\n<\/div>\n\n\n\n<div class=\"wp-block-column is-layout-flow wp-block-column-is-layout-flow\" style=\"flex-basis:50%\">\n<p class=\"has-text-align-center has-black-color has-text-color has-link-color wp-elements-95dff538e4fae5e8e81726672dfb3706\" style=\"font-size:17px\"><strong>Cardiovascular Safety of VIAN-c4551, an Antiangiogenic Peptide Derived From Vasoinhibin<\/strong><\/p>\n\n\n\n<p class=\"has-text-align-center\" style=\"font-size:17px\">Drug Development Research 2025<\/p>\n\n\n\n<span class=\"__dimensions_badge_embed__\" data-doi=\"10.1002\/ddr.70177\" data-legend=\"always\" data-style=\"small_circle\"><\/span><script async src=\"https:\/\/badge.dimensions.ai\/badge.js\" charset=\"utf-8\"><\/script>\n<\/div>\n\n\n\n<div class=\"wp-block-column is-layout-flow wp-block-column-is-layout-flow\" style=\"flex-basis:25%\">\n<p class=\"has-tertiary-color has-text-color has-link-color wp-elements-b66be76e130f5f28cd9ab1aedbe6b5a7\" style=\"font-size:16px\"><a href=\"https:\/\/doi.org\/10.1002\/ddr.70177\" target=\"_blank\" rel=\"noreferrer noopener\">Article on journal website<\/a><\/p>\n\n\n\n<p class=\"has-tertiary-color has-text-color has-link-color wp-elements-6fa47d8a0ce3134f78598feca2bb41a0\" style=\"font-size:16px\"><a href=\"https:\/\/jakobtriebel.de\/wp-content\/uploads\/2025\/10\/Drug-Development-Research-2025-Garcia\u2010Gonzalez-Cardiovascular-Safety-of-VIAN\u2010c4551-an-Antiangiogenic-Peptide-Derived.pdf\" target=\"_blank\" rel=\"noreferrer noopener\">PDF<\/a><\/p>\n<\/div>\n<\/div>\n\n\n\n<div class=\"wp-block-columns is-layout-flex wp-container-core-columns-is-layout-9d6595d7 wp-block-columns-is-layout-flex\">\n<div class=\"wp-block-column is-layout-flow wp-block-column-is-layout-flow\" style=\"flex-basis:25%\">\n<p class=\"has-text-align-right has-small-font-size\">Tamara Merz, Sarah Ecker, Nicole Denoix, Oscar McCook, Stefanie Kranz, Ulrich Wachter, Edit Rottler, Thomas Papadopoulos, Christoph Fusch, Cosima Brucker, Jakob Triebel, Thomas Bertsch, Peter Radermacher, Christiane Waller<\/p>\n\n\n\n<p class=\"has-text-align-right has-small-font-size\"><\/p>\n<\/div>\n\n\n\n<div class=\"wp-block-column is-layout-flow wp-block-column-is-layout-flow\" style=\"flex-basis:50%\">\n<p class=\"has-text-align-center has-black-color has-text-color has-link-color wp-elements-08c5536e72a3df5a65c45c9a73dede7a\" style=\"font-size:17px\"><strong>Relationships Between H<sub>2<\/sub>S and OT\/OTR Systems in Preeclampsia<\/strong><\/p>\n\n\n\n<p class=\"has-text-align-center\" style=\"font-size:17px\">Antioxidants 2025 (Basel)<\/p>\n\n\n\n<span class=\"__dimensions_badge_embed__\" data-doi=\"10.3390\/antiox14070880\" data-legend=\"always\" data-style=\"small_circle\"><\/span><script async src=\"https:\/\/badge.dimensions.ai\/badge.js\" charset=\"utf-8\"><\/script>\n<\/div>\n\n\n\n<div class=\"wp-block-column is-layout-flow wp-block-column-is-layout-flow\" style=\"flex-basis:25%\">\n<p class=\"has-tertiary-color has-text-color has-link-color wp-elements-5de738730f1dea8e37fc0653a8f85947\" style=\"font-size:16px\"><a href=\"https:\/\/doi.org\/10.3390\/antiox14070880\" target=\"_blank\" rel=\"noreferrer noopener\">Article on journal website<\/a><\/p>\n\n\n\n<p class=\"has-tertiary-color has-text-color has-link-color wp-elements-973fada4d953aa720b99fb459192bb39\" style=\"font-size:16px\"><a href=\"https:\/\/jakobtriebel.de\/wp-content\/uploads\/2025\/07\/antioxidants-14-00880.pdf\" target=\"_blank\" rel=\"noreferrer noopener\">PDF<\/a><\/p>\n<\/div>\n<\/div>\n\n\n\n<div class=\"wp-block-columns is-layout-flex wp-container-core-columns-is-layout-9d6595d7 wp-block-columns-is-layout-flex\">\n<div class=\"wp-block-column is-layout-flow wp-block-column-is-layout-flow\" style=\"flex-basis:25%\">\n<p class=\"has-text-align-right has-small-font-size\">Adan-Castro E, Zamora M, Granados-Carrasco D, Siqueiros-M\u00e1rquez L, Garc\u00eda-Rodrigo JF, Bertsch T, Triebel J, Mart\u00ednez de la Escalera G, Robles JP, Clapp C.<\/p>\n<\/div>\n\n\n\n<div class=\"wp-block-column is-layout-flow wp-block-column-is-layout-flow\" style=\"flex-basis:50%\">\n<p class=\"has-text-align-center\" style=\"font-size:17px\"><strong>Topical eye administration of the antiangiogenic peptide VIAN-c4551 protects against experimental diabetic macular edema<\/strong><\/p>\n\n\n\n<p class=\"has-text-align-center\" style=\"font-size:17px\">Scientific Reports 2025<\/p>\n\n\n\n<span class=\"__dimensions_badge_embed__\" data-doi=\"10.1038\/s41598-025-12331-w\" data-legend=\"always\" data-style=\"small_circle\"><\/span><script async src=\"https:\/\/badge.dimensions.ai\/badge.js\" charset=\"utf-8\"><\/script>\n<\/div>\n\n\n\n<div class=\"wp-block-column is-layout-flow wp-block-column-is-layout-flow\" style=\"flex-basis:25%\">\n<p class=\"has-tertiary-color has-text-color has-link-color wp-elements-79b2929d88edf16eba0a10708d3ab8ab\" style=\"font-size:16px\"><a href=\"https:\/\/www.nature.com\/articles\/s41598-025-12331-w\" target=\"_blank\" rel=\"noreferrer noopener\">Article on journal website<\/a><\/p>\n\n\n\n<p style=\"font-size:16px\"><a href=\"https:\/\/jakobtriebel.de\/wp-content\/uploads\/2025\/07\/s41598-025-12331-w.pdf\" target=\"_blank\" rel=\"noreferrer noopener\">PDF<\/a><\/p>\n<\/div>\n<\/div>\n\n\n\n<div class=\"wp-block-columns is-layout-flex wp-container-core-columns-is-layout-9d6595d7 wp-block-columns-is-layout-flex\">\n<div class=\"wp-block-column is-layout-flow wp-block-column-is-layout-flow\" style=\"flex-basis:25%\">\n<p class=\"has-text-align-right has-small-font-size\">Perez AL, Zamora M, Bahena M, Aramburo-Williams R, Adan-Castro E, Granados-Carrasco D, Bertsch T, Triebel J, Martinez de la Escalera G, Robles JP, Clapp C.<\/p>\n\n\n\n<p class=\"has-text-align-right has-small-font-size\"><\/p>\n<\/div>\n\n\n\n<div class=\"wp-block-column is-layout-flow wp-block-column-is-layout-flow\" style=\"flex-basis:50%\">\n<p class=\"has-text-align-center\" style=\"font-size:17px\"><strong>The antiangiogenic peptide VIAN-c4551 inhibits lung melanoma metastasis in mice by reducing pulmonary vascular permeability<\/strong><\/p>\n\n\n\n<p class=\"has-text-align-center\" style=\"font-size:17px\">PLoS One 2025<\/p>\n\n\n\n<span class=\"__dimensions_badge_embed__\" data-doi=\"10.1371\/journal.pone.0316983\" data-legend=\"always\" data-style=\"small_circle\"><\/span><script async src=\"https:\/\/badge.dimensions.ai\/badge.js\" charset=\"utf-8\"><\/script>\n<\/div>\n\n\n\n<div class=\"wp-block-column is-layout-flow wp-block-column-is-layout-flow\" style=\"flex-basis:25%\">\n<p class=\"has-secondary-color has-text-color has-link-color wp-elements-dc145d598729fddf9f99d28a30df9521\" style=\"font-size:16px\"><a href=\"https:\/\/journals.plos.org\/plosone\/article?id=10.1371\/journal.pone.0316983\" target=\"_blank\" rel=\"noreferrer noopener\">Article on journal website<\/a><\/p>\n\n\n\n<p style=\"font-size:16px\"><a href=\"https:\/\/jakobtriebel.de\/wp-content\/uploads\/2025\/05\/journal.pone_.0316983.pdf\" target=\"_blank\" rel=\"noreferrer noopener\">PDF<\/a><\/p>\n<\/div>\n<\/div>\n\n\n\n<div class=\"wp-block-columns is-layout-flex wp-container-core-columns-is-layout-9d6595d7 wp-block-columns-is-layout-flex\">\n<div class=\"wp-block-column is-layout-flow wp-block-column-is-layout-flow\" style=\"flex-basis:25%\">\n<p class=\"has-text-align-right has-small-font-size\">Francisco Freinet N\u00fa\u00f1ez, Lourdes Siqueiros-Marquez, Elva Ad\u00e1n-Castro, Magdalena Zamora, Juan Pablo Robles, Xarubet Ru\u00edz-Herrera, Thomas Bertsch, Jakob Triebel, Gonzalo Mart\u00ednez de la Escalera, Carmen Clapp<\/p>\n\n\n\n<p class=\"has-text-align-right has-small-font-size\"><\/p>\n<\/div>\n\n\n\n<div class=\"wp-block-column is-layout-flow wp-block-column-is-layout-flow\" style=\"flex-basis:50%\">\n<p class=\"has-text-align-center has-normal-font-size\"><strong>Vasoinhibin is Generated by the Renin-angiotensin System<\/strong><\/p>\n\n\n\n<p class=\"has-text-align-center\" style=\"font-size:17px\">Endocrinology 2025<\/p>\n\n\n\n<span class=\"__dimensions_badge_embed__\" data-doi=\"10.1210\/endocr\/bqaf023\" data-legend=\"always\" data-style=\"small_circle\"><\/span><script async src=\"https:\/\/badge.dimensions.ai\/badge.js\" charset=\"utf-8\"><\/script>\n<\/div>\n\n\n\n<div class=\"wp-block-column is-layout-flow wp-block-column-is-layout-flow\" style=\"flex-basis:25%\">\n<p class=\"has-secondary-color has-text-color has-link-color wp-elements-3799539f341dcc05ba66d3ada489fcea\" style=\"font-size:16px\"><a href=\"https:\/\/academic.oup.com\/endo\/article\/166\/3\/bqaf023\/7998736\" target=\"_blank\" rel=\"noreferrer noopener\">Article on journal website<\/a><\/p>\n\n\n\n<p style=\"font-size:16px\"><a href=\"https:\/\/jakobtriebel.de\/wp-content\/uploads\/2025\/02\/bqaf023.pdf\" target=\"_blank\" rel=\"noreferrer noopener\">PDF<\/a><\/p>\n<\/div>\n<\/div>\n\n\n\n<hr class=\"wp-block-separator has-alpha-channel-opacity\"\/>\n\n\n\n<div class=\"wp-block-columns is-layout-flex wp-container-core-columns-is-layout-9d6595d7 wp-block-columns-is-layout-flex\">\n<div class=\"wp-block-column is-layout-flow wp-block-column-is-layout-flow\" style=\"flex-basis:25%\">\n<p class=\"has-text-align-right has-small-font-size\">Jakob Triebel, David Harris, Nils Davies, Johannes Ebnet, Leon Neugebauer, Christin Friedrich, H\u00fclya Markl-Hahn, Hans-Herbert Steiner, Thomas Bertsch<\/p>\n<\/div>\n\n\n\n<div class=\"wp-block-column is-layout-flow wp-block-column-is-layout-flow\" style=\"flex-basis:50%\">\n<p class=\"has-text-align-center has-normal-font-size\"><strong>Mass Spectrometric and Immunologic Detection of Prolactin-Derived Vasoinhibin in Human Serum<\/strong><\/p>\n\n\n\n<p class=\"has-text-align-center\" style=\"font-size:17px\">Clinical Laboratory 2024<\/p>\n\n\n\n<span class=\"__dimensions_badge_embed__\" data-doi=\"10.7754\/Clin.Lab.2023.240635\" data-legend=\"always\" data-style=\"small_circle\"><\/span><script async src=\"https:\/\/badge.dimensions.ai\/badge.js\" charset=\"utf-8\"><\/script>\n<\/div>\n\n\n\n<div class=\"wp-block-column is-layout-flow wp-block-column-is-layout-flow\" style=\"flex-basis:25%\">\n<p><a href=\"https:\/\/www.clin-lab-publications.com\/article\/5043\" data-type=\"link\" data-id=\"https:\/\/www.clin-lab-publications.com\/article\/5043\" target=\"_blank\" rel=\"noreferrer noopener\">Article on journal website<\/a><\/p>\n\n\n\n<p class=\"has-secondary-color has-text-color has-link-color wp-elements-68be581ee47dc1256296b2a4baaee2af\" style=\"font-size:16px\"><a href=\"https:\/\/jakobtriebel.de\/wp-content\/uploads\/2024\/11\/4c4209da-79ba-4892-9529-a3376378f635-1.pdf\" target=\"_blank\" rel=\"noreferrer noopener\">PDF<\/a><\/p>\n\n\n\n<p style=\"font-size:16px\"><\/p>\n<\/div>\n<\/div>\n\n\n\n<div class=\"wp-block-columns is-layout-flex wp-container-core-columns-is-layout-9d6595d7 wp-block-columns-is-layout-flex\">\n<div class=\"wp-block-column is-layout-flow wp-block-column-is-layout-flow\" style=\"flex-basis:25%\">\n<p class=\"has-text-align-right has-small-font-size\">Magdalena Zamora, David Harris, Nils Davies, Johannes Ebnet, Peter Radermacher, Cosima Brucker, Christiane Waller, Juan Pablo Robles, Thomas Bertsch, Carmen Clapp, Jakob Triebel<\/p>\n<\/div>\n\n\n\n<div class=\"wp-block-column is-layout-flow wp-block-column-is-layout-flow\" style=\"flex-basis:50%\">\n<p class=\"has-text-align-center has-normal-font-size\"><strong>Immunometric and Functional Measurement of Endogenous Vasoinhibin in Human Sera<\/strong><\/p>\n\n\n\n<p class=\"has-text-align-center\" style=\"font-size:17px\">Frontiers in Endocrinology (Lausanne) 2024<\/p>\n\n\n\n<span class=\"__dimensions_badge_embed__\" data-doi=\"10.3389\/fendo.2024.1345996\" data-legend=\"always\" data-style=\"small_circle\"><\/span><script async src=\"https:\/\/badge.dimensions.ai\/badge.js\" charset=\"utf-8\"><\/script>\n<\/div>\n\n\n\n<div class=\"wp-block-column is-layout-flow wp-block-column-is-layout-flow\" style=\"flex-basis:25%\">\n<p class=\"has-secondary-color has-text-color has-link-color wp-elements-bfb41d0042fc6b10a93cdceb72c88603\" style=\"font-size:16px\"><a href=\"https:\/\/www.frontiersin.org\/journals\/endocrinology\/articles\/10.3389\/fendo.2024.1345996\/abstract\" target=\"_blank\" rel=\"noreferrer noopener\">Article on journal website<\/a><\/p>\n\n\n\n<p style=\"font-size:16px\"><a href=\"https:\/\/jakobtriebel.de\/wp-content\/uploads\/2024\/04\/fendo-15-1345996.pdf\" target=\"_blank\" rel=\"noreferrer noopener\">PDF<\/a><\/p>\n<\/div>\n<\/div>\n\n\n\n<hr class=\"wp-block-separator has-alpha-channel-opacity\"\/>\n\n\n\n<div class=\"wp-block-columns is-layout-flex wp-container-core-columns-is-layout-9d6595d7 wp-block-columns-is-layout-flex\">\n<div class=\"wp-block-column is-layout-flow wp-block-column-is-layout-flow\" style=\"flex-basis:25%\">\n<p class=\"has-text-align-right has-small-font-size\">Carlos D N\u00fa\u00f1ez-Amaro,&nbsp;Mariana L\u00f3pez,&nbsp;Elva Ad\u00e1n-Castro,&nbsp;Ma Ludivina Robles-Osorio,&nbsp;Renata Garc\u00eda-Franco,&nbsp;Marlon Garc\u00eda-Roa,&nbsp;Yolanda Villalpando-G\u00f3mez,&nbsp;Paulina Ram\u00edrez-Neria,&nbsp;Nayeli Pineiro,&nbsp;Juan Fernando Rubio-Mijangos,&nbsp;Jorge S\u00e1nchez,&nbsp;Gabriela Ram\u00edrez-Hern\u00e1ndez,&nbsp;Lourdes Siqueiros-M\u00e1rquez,&nbsp;Nundehui D\u00edaz-Lezama,&nbsp;Ellery L\u00f3pez-Star,&nbsp;Thomas Bertsch,&nbsp;Gonzalo Mar\u00ednez de la Escalera,&nbsp;Jakob Triebel,&nbsp;Carmen Clapp<\/p>\n<\/div>\n\n\n\n<div class=\"wp-block-column is-layout-flow wp-block-column-is-layout-flow\" style=\"flex-basis:50%\">\n<p class=\"has-text-align-center has-normal-font-size\"><strong>Levosulpiride for the treatment of diabetic macular oedema: a phase 2 randomized clinical trial<\/strong><\/p>\n\n\n\n<p class=\"has-text-align-center\" style=\"font-size:17px\">Eye (London) 2023<\/p>\n\n\n\n<span class=\"__dimensions_badge_embed__\" data-doi=\"10.1038\/s41433-023-02715-5\" data-legend=\"always\" data-style=\"small_circle\"><\/span><script async src=\"https:\/\/badge.dimensions.ai\/badge.js\" charset=\"utf-8\"><\/script>\n<\/div>\n\n\n\n<div class=\"wp-block-column is-layout-flow wp-block-column-is-layout-flow\" style=\"flex-basis:25%\">\n<p style=\"font-size:16px\"><a rel=\"noreferrer noopener\" href=\"https:\/\/www.nature.com\/articles\/s41433-023-02715-5\" target=\"_blank\">Article on journal website<\/a><\/p>\n\n\n\n<p style=\"font-size:16px\"><a href=\"https:\/\/jakobtriebel.de\/wp-content\/uploads\/2023\/09\/s41433-023-02715-5.pdf\" target=\"_blank\" rel=\"noreferrer noopener\">PDF<\/a><\/p>\n<\/div>\n<\/div>\n\n\n\n<p><\/p>\n\n\n\n<div class=\"wp-block-columns is-layout-flex wp-container-core-columns-is-layout-9d6595d7 wp-block-columns-is-layout-flex\">\n<div class=\"wp-block-column is-layout-flow wp-block-column-is-layout-flow\" style=\"flex-basis:25%\">\n<p class=\"has-text-align-right has-small-font-size\">Juan Pablo Robles, Magdalena Zamora, Jose F. Garcia-Rodrigo, Alma Lorena Perez, Thomas Bertsch, Gonzalo Martinez de la Escalera, Jakob Triebel, Carmen Clapp<\/p>\n<\/div>\n\n\n\n<div class=\"wp-block-column is-layout-flow wp-block-column-is-layout-flow\" style=\"flex-basis:50%\">\n<p class=\"has-text-align-center has-normal-font-size\"><strong>Vasoinhibin\u2019s Apoptotic, Inflammatory, and Fibrinolytic Actions Are in a Motif Different From Its Antiangiogenic HGR Motif<\/strong><\/p>\n\n\n\n<p class=\"has-text-align-center\" style=\"font-size:17px\">Endocrinology 2023<\/p>\n\n\n\n<span class=\"__dimensions_badge_embed__\" data-doi=\"10.1210\/endocr\/bqad185\" data-legend=\"always\" data-style=\"small_circle\"><\/span><script async src=\"https:\/\/badge.dimensions.ai\/badge.js\" charset=\"utf-8\"><\/script>\n<\/div>\n\n\n\n<div class=\"wp-block-column is-layout-flow wp-block-column-is-layout-flow\" style=\"flex-basis:25%\">\n<p style=\"font-size:16px\"><a href=\"https:\/\/doi.org\/10.1210\/endocr\/bqad185\" target=\"_blank\" rel=\"noreferrer noopener\">Article on journal website<\/a><\/p>\n\n\n\n<p style=\"font-size:16px\"><a href=\"https:\/\/jakobtriebel.de\/wp-content\/uploads\/2024\/01\/endcrn2024165112.pdf\" target=\"_blank\" rel=\"noreferrer noopener\">PDF<\/a><\/p>\n<\/div>\n<\/div>\n\n\n\n<hr class=\"wp-block-separator has-alpha-channel-opacity\"\/>\n\n\n\n<div class=\"wp-block-columns is-layout-flex wp-container-core-columns-is-layout-9d6595d7 wp-block-columns-is-layout-flex\">\n<div class=\"wp-block-column is-layout-flow wp-block-column-is-layout-flow\" style=\"flex-basis:25%\">\n<p class=\"has-text-align-right has-small-font-size\">H\u00fclya Markl-Hahn, Leon Neugebauer, Livia Lenke, Sarah Ecker, Tamara Merz, Oscar McCook, Noura Khoder, Cosima Brucker, Peter Radermacher, Christiane Waller, Carmen Clapp, Thomas Bertsch, Jakob Triebel<\/p>\n<\/div>\n\n\n\n<div class=\"wp-block-column is-layout-flow wp-block-column-is-layout-flow\" style=\"flex-basis:50%\">\n<p class=\"has-text-align-center has-normal-font-size\"><strong>Human Placental Tissue Contains a Placental Lactogen Derived Vasoinhibin<\/strong><\/p>\n\n\n\n<p class=\"has-text-align-center\" style=\"font-size:17px\">Journal of the Endocrine Society 2022<\/p>\n\n\n\n<span class=\"__dimensions_badge_embed__\" data-doi=\"10.1210\/jendso\/bvac029\" data-legend=\"always\" data-style=\"small_circle\"><\/span><script async src=\"https:\/\/badge.dimensions.ai\/badge.js\" charset=\"utf-8\"><\/script>\n<\/div>\n\n\n\n<div class=\"wp-block-column is-layout-flow wp-block-column-is-layout-flow\" style=\"flex-basis:25%\">\n<p style=\"font-size:16px\"><a rel=\"noreferrer noopener\" href=\"https:\/\/academic.oup.com\/jes\/advance-article\/doi\/10.1210\/jendso\/bvac029\/6532663\" target=\"_blank\">Article on journal website<\/a><\/p>\n\n\n\n<div class=\"wp-block-file\"><a id=\"wp-block-file--media-0a09fc8e-fdce-4755-99b6-e987843b9853\" href=\"https:\/\/jakobtriebel.de\/wp-content\/uploads\/2022\/03\/bvac029.pdf\" target=\"_blank\" rel=\"noreferrer noopener\">PDF<\/a><\/div>\n<\/div>\n<\/div>\n\n\n\n<div class=\"wp-block-columns is-layout-flex wp-container-core-columns-is-layout-9d6595d7 wp-block-columns-is-layout-flex\">\n<div class=\"wp-block-column is-layout-flow wp-block-column-is-layout-flow\" style=\"flex-basis:25%\">\n<p class=\"has-text-align-right has-small-font-size\">Andreas Leuchs, Nils Davies, Christin Friedrich, Sabrina Trier, Carmen Clapp, Thomas Bertsch, Jakob Triebel<\/p>\n<\/div>\n\n\n\n<div class=\"wp-block-column is-layout-flow wp-block-column-is-layout-flow\" style=\"flex-basis:50%\">\n<p class=\"has-text-align-center has-normal-font-size\"><strong>A Comparative Phylogenetic Analysis of Prolactin Cleavage Sites for the Generation of Vasoinhibin In Vertebrates<\/strong><\/p>\n\n\n\n<p class=\"has-text-align-center\" style=\"font-size:17px\">General and Comparative Endocrinology 2022<\/p>\n\n\n\n<span class=\"__dimensions_badge_embed__\" data-doi=\"10.1016\/j.ygcen.2022.114011\" data-legend=\"always\" data-style=\"small_circle\"><\/span><script async src=\"https:\/\/badge.dimensions.ai\/badge.js\" charset=\"utf-8\"><\/script>\n<\/div>\n\n\n\n<div class=\"wp-block-column is-layout-flow wp-block-column-is-layout-flow\" style=\"flex-basis:25%\">\n<p style=\"font-size:16px\"><a href=\"https:\/\/doi.org\/10.1016\/j.ygcen.2022.114011\" target=\"_blank\" rel=\"noreferrer noopener\">Article on journal website<\/a><\/p>\n\n\n\n<div class=\"wp-block-file\"><a id=\"wp-block-file--media-ad7eed0a-558e-408a-858a-7fd1669e366f\" href=\"https:\/\/jakobtriebel.de\/wp-content\/uploads\/2022\/03\/1-s2.0-S0016648022000363-main1.pdf\" target=\"_blank\" rel=\"noreferrer noopener\">PDF<\/a><\/div>\n<\/div>\n<\/div>\n\n\n\n<div class=\"wp-block-columns is-layout-flex wp-container-core-columns-is-layout-9d6595d7 wp-block-columns-is-layout-flex\">\n<div class=\"wp-block-column is-layout-flow wp-block-column-is-layout-flow\" style=\"flex-basis:25%\">\n<p class=\"has-text-align-right has-small-font-size\">Elva Ad\u00e1n-Castro,&nbsp;Lourdes Siqueiros-M\u00e1rquez,&nbsp;Gabriela Ram\u00edrez-Hern\u00e1ndez,&nbsp;Nundehui D\u00edaz-Lezama,&nbsp;Xarubet Ru\u00edz-Herrera,&nbsp;Francisco Freinet N\u00fa\u00f1ez,&nbsp;Carlos D. N\u00fa\u00f1ez-Amaro,&nbsp;Ma. Ludivina Robles-Osorio,&nbsp;Thomas Bertsch,&nbsp;Jakob Triebel,&nbsp;Gonzalo Mart\u00ednez de la Escalera,&nbsp;Carmen Clapp<\/p>\n<\/div>\n\n\n\n<div class=\"wp-block-column is-layout-flow wp-block-column-is-layout-flow\" style=\"flex-basis:50%\">\n<p class=\"has-text-align-center has-normal-font-size\"><strong>Sulpiride-induced hyperprolactinaemia increases retinal vasoinhibin and protects against diabetic retinopathy in rats<\/strong><\/p>\n\n\n\n<p class=\"has-text-align-center\" style=\"font-size:17px\">Journal of Neuroendocrinology 2022<\/p>\n\n\n\n<span class=\"__dimensions_badge_embed__\" data-doi=\"10.1111\/jne.13091\" data-legend=\"always\" data-style=\"small_circle\"><\/span><script async src=\"https:\/\/badge.dimensions.ai\/badge.js\" charset=\"utf-8\"><\/script>\n<\/div>\n\n\n\n<div class=\"wp-block-column is-layout-flow wp-block-column-is-layout-flow\" style=\"flex-basis:25%\">\n<p style=\"font-size:16px\"><a href=\"https:\/\/onlinelibrary.wiley.com\/doi\/10.1111\/jne.13091\" target=\"_blank\" rel=\"noreferrer noopener\">Article on journal website<\/a><\/p>\n\n\n\n<p class=\"has-small-font-size\"><\/p>\n<\/div>\n<\/div>\n\n\n\n<div class=\"wp-block-columns is-layout-flex wp-container-core-columns-is-layout-9d6595d7 wp-block-columns-is-layout-flex\">\n<div class=\"wp-block-column is-layout-flow wp-block-column-is-layout-flow\" style=\"flex-basis:25%\">\n<p class=\"has-text-align-right has-small-font-size\">Sandeep Silawal,&nbsp;Miriam Wagner,&nbsp;Dominik Roth,&nbsp;Thomas Bertsch,&nbsp;Silke Schwarz,&nbsp;Maximilian Willauschus,&nbsp;Markus Gesslein,&nbsp;Jakob Triebel,&nbsp;Gundula Schulze-Tanzil<sup>&nbsp;<\/sup><\/p>\n<\/div>\n\n\n\n<div class=\"wp-block-column is-layout-flow wp-block-column-is-layout-flow\" style=\"flex-basis:50%\">\n<p class=\"has-text-align-center has-normal-font-size\"><strong>Complement Proteins C5\/C5a, Cathepsin D and Prolactin in Chondrocytes: A Possible Crosstalk in the Pathogenesis of Osteoarthritis<\/strong><\/p>\n\n\n\n<p class=\"has-text-align-center\" style=\"font-size:17px\">Cells 2022<\/p>\n\n\n\n<span class=\"__dimensions_badge_embed__\" data-doi=\"10.3390\/cells11071134\" data-legend=\"always\" data-style=\"small_circle\"><\/span><script async src=\"https:\/\/badge.dimensions.ai\/badge.js\" charset=\"utf-8\"><\/script>\n<\/div>\n\n\n\n<div class=\"wp-block-column is-layout-flow wp-block-column-is-layout-flow\" style=\"flex-basis:25%\">\n<p style=\"font-size:16px\"><a href=\"https:\/\/www.mdpi.com\/2073-4409\/11\/7\/1134\" target=\"_blank\" rel=\"noreferrer noopener\">Article on journal website<\/a><\/p>\n\n\n\n<p><a href=\"https:\/\/jakobtriebel.de\/wp-content\/uploads\/2024\/11\/cells-11-01134-v2-1.pdf\" target=\"_blank\" rel=\"noreferrer noopener\">PDF<\/a><\/p>\n<\/div>\n<\/div>\n\n\n\n<hr class=\"wp-block-separator has-alpha-channel-opacity\"\/>\n\n\n\n<div class=\"wp-block-columns is-layout-flex wp-container-core-columns-is-layout-9d6595d7 wp-block-columns-is-layout-flex\">\n<div class=\"wp-block-column is-layout-flow wp-block-column-is-layout-flow\" style=\"flex-basis:25%\">\n<p class=\"has-text-align-right has-small-font-size\">Christin Friedrich, Leon Neugebauer, Magdalena Zamora, Juan Pablo Robles, Gonzalo Mart\u00ednez de la Escalera, Carmen Clapp, Thomas Bertsch, Jakob Triebel<\/p>\n<\/div>\n\n\n\n<div class=\"wp-block-column is-layout-flow wp-block-column-is-layout-flow\" style=\"flex-basis:50%\">\n<p class=\"has-text-align-center has-normal-font-size\"><strong>Plasmin generates vasoinhibin-like peptides by cleaving prolactin and placental lactogen<\/strong><\/p>\n\n\n\n<p class=\"has-text-align-center\" style=\"font-size:17px\">Molecular and Cellular Endocrinology 2021<\/p>\n\n\n\n<span class=\"__dimensions_badge_embed__\" data-doi=\"10.1016\/j.mce.2021.111471\" data-legend=\"always\" data-style=\"small_circle\"><\/span><script async src=\"https:\/\/badge.dimensions.ai\/badge.js\" charset=\"utf-8\"><\/script>\n<\/div>\n\n\n\n<div class=\"wp-block-column is-layout-flow wp-block-column-is-layout-flow\" style=\"flex-basis:25%\">\n<p style=\"font-size:16px\"><a rel=\"noreferrer noopener\" href=\"https:\/\/www.sciencedirect.com\/science\/article\/pii\/S0303720721003154\" target=\"_blank\">Article on journal website<\/a><\/p>\n\n\n\n<div class=\"wp-block-file\"><a id=\"wp-block-file--media-e0128dad-21e6-4d1d-8b8e-9858990bbcd8\" href=\"https:\/\/jakobtriebel.de\/wp-content\/uploads\/2021\/10\/Friedrich_Neugebauer_et_al_2021.pdf\" target=\"_blank\" rel=\"noreferrer noopener\">PDF<\/a><\/div>\n<\/div>\n<\/div>\n\n\n\n<div class=\"wp-block-columns is-layout-flex wp-container-core-columns-is-layout-9d6595d7 wp-block-columns-is-layout-flex\">\n<div class=\"wp-block-column is-layout-flow wp-block-column-is-layout-flow\" style=\"flex-basis:25%\">\n<p class=\"has-text-align-right has-small-font-size\">Nils M\u00fcller, Juan Pablo Robles, Magdalena Zamora, Johannes Ebnet, H\u00fclya Markl-Hahn, Gonzalo Mart\u00ednez de la Escalera, Carmen Clapp, Thomas Bertsch, Jakob Triebel<\/p>\n<\/div>\n\n\n\n<div class=\"wp-block-column is-layout-flow wp-block-column-is-layout-flow\" style=\"flex-basis:50%\">\n<p class=\"has-text-align-center has-normal-font-size\"><strong>Development of Vasoinhibin-specific Monoclonal Antibodies<\/strong><\/p>\n\n\n\n<p class=\"has-text-align-center\" style=\"font-size:17px\">Frontiers in Endocrinology (Lausanne) 2021<\/p>\n\n\n\n<span class=\"__dimensions_badge_embed__\" data-doi=\"10.3389\/fendo.2021.645085\" data-legend=\"always\" data-style=\"small_circle\"><\/span><script async src=\"https:\/\/badge.dimensions.ai\/badge.js\" charset=\"utf-8\"><\/script>\n<\/div>\n\n\n\n<div class=\"wp-block-column is-layout-flow wp-block-column-is-layout-flow\" style=\"flex-basis:25%\">\n<p class=\"has-text-align-left\" style=\"font-size:16px\"><a rel=\"noreferrer noopener\" href=\"https:\/\/www.frontiersin.org\/articles\/10.3389\/fendo.2021.645085\/abstract\" target=\"_blank\">Article on journal website<\/a><\/p>\n\n\n\n<div class=\"wp-block-file\"><a id=\"wp-block-file--media-7d61edca-f8a5-4ab5-b1e0-1620d8f8c40f\" href=\"https:\/\/jakobtriebel.de\/wp-content\/uploads\/2021\/10\/Mueller_Robles_et_al_2021.pdf\" target=\"_blank\" rel=\"noreferrer noopener\">PDF<\/a><\/div>\n<\/div>\n<\/div>\n\n\n\n<div class=\"wp-block-columns is-layout-flex wp-container-core-columns-is-layout-9d6595d7 wp-block-columns-is-layout-flex\">\n<div class=\"wp-block-column is-layout-flow wp-block-column-is-layout-flow\" style=\"flex-basis:25%\">\n<p class=\"has-text-align-right has-small-font-size\">Magdalena Zamora, Juan Pablo Robles, Manuel B Aguilar, Sergio de Jes\u00fas Romero-G\u00f3mez, Thomas Bertsch, Gonzalo Mart\u00ednez de la Escalera, Jakob Triebel, Carmen Clapp<\/p>\n<\/div>\n\n\n\n<div class=\"wp-block-column is-layout-flow wp-block-column-is-layout-flow\" style=\"flex-basis:50%\">\n<p class=\"has-text-align-center has-normal-font-size\"><strong>Thrombin Cleaves Prolactin Into a Potent 5.6-kDa Vasoinhibin: Implication for Tissue Repair<\/strong><\/p>\n\n\n\n<p class=\"has-text-align-center\" style=\"font-size:17px\">Endocrinology 2021<\/p>\n\n\n\n<span class=\"__dimensions_badge_embed__\" data-doi=\"10.1210\/endocr\/bqab177\" data-legend=\"always\" data-style=\"small_circle\"><\/span><script async src=\"https:\/\/badge.dimensions.ai\/badge.js\" charset=\"utf-8\"><\/script>\n<\/div>\n\n\n\n<div class=\"wp-block-column is-layout-flow wp-block-column-is-layout-flow\" style=\"flex-basis:25%\">\n<p class=\"has-text-align-left\" style=\"font-size:16px\"><a href=\"https:\/\/academic.oup.com\/endo\/article-abstract\/162\/12\/bqab177\/6356167?redirectedFrom=fulltext\" target=\"_blank\" rel=\"noreferrer noopener\">Article on journal website<\/a><\/p>\n<\/div>\n<\/div>\n\n\n\n<div class=\"wp-block-columns is-layout-flex wp-container-core-columns-is-layout-9d6595d7 wp-block-columns-is-layout-flex\">\n<div class=\"wp-block-column is-layout-flow wp-block-column-is-layout-flow\" style=\"flex-basis:25%\">\n<p class=\"has-text-align-right has-small-font-size\">Juan Pablo Robles \u00b7 Magdalena Zamora \u00b7 Lourdes Siqueiros\u2011Marquez \u00b7 Elva Adan\u2011Castro \u00b7 Gabriela Ramirez\u2011Hernandez \u00b7 Francisco Freinet Nu\u00f1ez \u00b7 Fernando Lopez\u2011Casillas \u00b7 Robert P. Millar Thomas Bertsch \u00b7 Gonzalo Mart\u00ednez de la Escalera \u00b7 Jakob Triebel \u00b7 Carmen Clapp<\/p>\n<\/div>\n\n\n\n<div class=\"wp-block-column is-layout-flow wp-block-column-is-layout-flow\" style=\"flex-basis:50%\">\n<p class=\"has-text-align-center has-normal-font-size\"><strong>The HGR motif is the antiangiogenic determinant of vasoinhibin: implications for a therapeutic orally active oligopeptide <\/strong><\/p>\n\n\n\n<p class=\"has-text-align-center\" style=\"font-size:17px\">Angiogenesis 2021<\/p>\n\n\n\n<span class=\"__dimensions_badge_embed__\" data-doi=\"10.1007\/s10456-021-09800-x\" data-legend=\"always\" data-style=\"small_circle\"><\/span><script async src=\"https:\/\/badge.dimensions.ai\/badge.js\" charset=\"utf-8\"><\/script>\n<\/div>\n\n\n\n<div class=\"wp-block-column is-layout-flow wp-block-column-is-layout-flow\" style=\"flex-basis:25%\">\n<p class=\"has-text-align-left\" style=\"font-size:16px\"><a rel=\"noreferrer noopener\" href=\"https:\/\/doi.org\/10.1007\/s10456-021-09800-x\" target=\"_blank\">Article on journal website<\/a><\/p>\n\n\n\n<div class=\"wp-block-file\"><a id=\"wp-block-file--media-ed9f262c-bd69-4b30-b05d-788ad118ed2a\" href=\"https:\/\/jakobtriebel.de\/wp-content\/uploads\/2021\/10\/Robles_et_al_2021_Angiogenesis.pdf\" target=\"_blank\" rel=\"noreferrer noopener\">PDF<\/a><\/div>\n<\/div>\n<\/div>\n\n\n\n<hr class=\"wp-block-separator has-alpha-channel-opacity\"\/>\n\n\n\n<div class=\"wp-block-columns is-layout-flex wp-container-core-columns-is-layout-9d6595d7 wp-block-columns-is-layout-flex\">\n<div class=\"wp-block-column is-layout-flow wp-block-column-is-layout-flow\" style=\"flex-basis:25%\">\n<p class=\"has-text-align-right has-small-font-size\">Carlos D. Nu\u00f1ez-Amaro; Aura Ileana Moreno-Vega; Elva Adan-Castro; Magdalena Zamora; Renata Garcia-Franco; Paulina Ramirez-Neria; Marlon Garcia-Roa; Yolanda Villalpando; Juan Pablo Robles; Gabriela Ramirez-Hernandez; Mariana Lopez; Jorge Sanchez; Ellery Lopez-Star; Thomas Bertsch; Gonzalo Martinez de la Escalera; Ma. Ludivina Robles-Osorio; Jakob Triebel; Carmen Clapp<\/p>\n<\/div>\n\n\n\n<div class=\"wp-block-column is-layout-flow wp-block-column-is-layout-flow\" style=\"flex-basis:50%\">\n<p class=\"has-text-align-center has-normal-font-size\"><strong>Levosulpiride Increases the Levels of Prolactin and Antiangiogenic Vasoinhibin in the Vitreous of Patients with Proliferative Diabetic Retinopathy<\/strong><\/p>\n\n\n\n<p class=\"has-text-align-center\" style=\"font-size:17px\">Translational Vision Science and Technology 2020<\/p>\n\n\n\n<span class=\"__dimensions_badge_embed__\" data-doi=\"10.1167\/tvst.9.9.27\" data-legend=\"always\" data-style=\"small_circle\"><\/span><script async src=\"https:\/\/badge.dimensions.ai\/badge.js\" charset=\"utf-8\"><\/script>\n<\/div>\n\n\n\n<div class=\"wp-block-column is-layout-flow wp-block-column-is-layout-flow\" style=\"flex-basis:25%\">\n<p style=\"font-size:16px\"><a href=\"https:\/\/tvst.arvojournals.org\/article.aspx?articleid=2770665\" target=\"_blank\" rel=\"noreferrer noopener\">Article on journal website<\/a><\/p>\n\n\n\n<div class=\"wp-block-file\"><a id=\"wp-block-file--media-eef44202-ab75-49f8-ae4c-42df12840e47\" href=\"https:\/\/jakobtriebel.de\/wp-content\/uploads\/2020\/08\/Nunez-Amaro-et-al.-2020.pdf\">PDF<\/a><\/div>\n<\/div>\n<\/div>\n\n\n\n<div class=\"wp-block-columns is-layout-flex wp-container-core-columns-is-layout-9d6595d7 wp-block-columns-is-layout-flex\">\n<div class=\"wp-block-column is-layout-flow wp-block-column-is-layout-flow\" style=\"flex-basis:25%\">\n<p class=\"has-text-align-right has-small-font-size\">Jakob Triebel, Nicole Schauer, Magdalena Zamora, Aura Ileana Moreno-Vega, Gonzalo Mart\u00ednez de la Escalera, Carmen Clapp, Thomas Bertsch<\/p>\n<\/div>\n\n\n\n<div class=\"wp-block-column is-layout-flow wp-block-column-is-layout-flow\" style=\"flex-basis:50%\">\n<p class=\"has-text-align-center has-normal-font-size\"><strong>Matrix Metalloproteases and Cathepsin D in Human Serum do not Cleave Prolactin to Generate Vasoinhibin<\/strong><\/p>\n\n\n\n<p class=\"has-text-align-center\" style=\"font-size:17px\">Clinical Laboratory 2020<\/p>\n\n\n\n<span class=\"__dimensions_badge_embed__\" data-pmid=\"32390374\" data-legend=\"always\" data-style=\"small_circle\"><\/span><script async src=\"https:\/\/badge.dimensions.ai\/badge.js\" charset=\"utf-8\"><\/script>\n<\/div>\n\n\n\n<div class=\"wp-block-column is-layout-flow wp-block-column-is-layout-flow\" style=\"flex-basis:25%\">\n<p class=\"has-text-align-left\" style=\"font-size:16px\"><a href=\"https:\/\/jakobtriebel.de\/wp-content\/uploads\/2020\/05\/Clin_Lab_2020_Triebel.pdf\" target=\"_blank\" rel=\"noreferrer noopener\">PDF<\/a> <\/p>\n\n\n\n<p class=\"has-text-align-left\" style=\"font-size:16px\"><a href=\"https:\/\/doi.org\/10.7910\/DVN\/R0DEMC\">Da<\/a><a href=\"https:\/\/doi.org\/10.7910\/DVN\/R0DEMC\" target=\"_blank\" rel=\"noreferrer noopener\">t<\/a><a href=\"https:\/\/doi.org\/10.7910\/DVN\/R0DEMC\">aset<\/a> <\/p>\n\n\n\n<p class=\"has-text-align-left\" style=\"font-size:16px\"><a href=\"https:\/\/jakobtriebel.de\/wp-content\/uploads\/2020\/02\/191017-Triebel_supplement.pdf\" target=\"_blank\" rel=\"noreferrer noopener\">Supplementary Figures<\/a><\/p>\n<\/div>\n<\/div>\n\n\n\n<hr class=\"wp-block-separator has-alpha-channel-opacity\"\/>\n\n\n\n<div class=\"wp-block-columns is-layout-flex wp-container-core-columns-is-layout-9d6595d7 wp-block-columns-is-layout-flex\">\n<div class=\"wp-block-column is-layout-flow wp-block-column-is-layout-flow\" style=\"flex-basis:25%\">\n<p class=\"has-text-align-right has-small-font-size\">Hoeres, T., Pretscher, D., Holzmann, E., Smetak, M., Birkmann, J., Triebel, J., Bertsch, T., Wilhelm, M.<\/p>\n<\/div>\n\n\n\n<div class=\"wp-block-column is-layout-flow wp-block-column-is-layout-flow\" style=\"flex-basis:50%\">\n<p class=\"has-text-align-center has-normal-font-size\"><strong>Improving Immunotherapy Against B-Cell Malignancies Using gammadelta T-Cell-specific Stimulation and Therapeutic Monoclonal Antibodies<\/strong><\/p>\n\n\n\n<p class=\"has-text-align-center\" style=\"font-size:17px\">Journal of Immunotherapy 2019<\/p>\n\n\n\n<span class=\"__dimensions_badge_embed__\" data-doi=\"10.1097\/CJI.0000000000000289\" data-legend=\"always\" data-style=\"small_circle\"><\/span><script async src=\"https:\/\/badge.dimensions.ai\/badge.js\" charset=\"utf-8\"><\/script>\n<\/div>\n\n\n\n<div class=\"wp-block-column is-layout-flow wp-block-column-is-layout-flow\" style=\"flex-basis:25%\">\n<p style=\"font-size:16px\"><a href=\"https:\/\/journals.lww.com\/immunotherapy-journal\/Abstract\/2019\/11000\/Improving_Immunotherapy_Against_B_Cell.2.aspx\" target=\"_blank\" rel=\"noreferrer noopener\">Article on journal website<\/a><\/p>\n<\/div>\n<\/div>\n\n\n\n<hr class=\"wp-block-separator has-alpha-channel-opacity\"\/>\n\n\n\n<div class=\"wp-block-columns is-layout-flex wp-container-core-columns-is-layout-9d6595d7 wp-block-columns-is-layout-flex\">\n<div class=\"wp-block-column is-layout-flow wp-block-column-is-layout-flow\" style=\"flex-basis:25%\">\n<p class=\"has-text-align-right has-small-font-size\">Juan Pablo Robles, Magdalena Zamora, Jos\u00e9 Luis Velasco-Bolom, Miriam Tovar, Ram\u00f3n Gardu\u00f1o-Ju\u00e1rez, Thomas Bertsch, Gonzalo Mart\u00ednez de la Escalera, Jakob Triebel &amp; Carmen Clapp<\/p>\n<\/div>\n\n\n\n<div class=\"wp-block-column is-layout-flow wp-block-column-is-layout-flow\" style=\"flex-basis:50%\">\n<p class=\"has-text-align-center has-normal-font-size\"><strong>Vasoinhibin comprises a three-helix bundle and its antiangiogenic domain is located within the first 79 residues<\/strong> <\/p>\n\n\n\n<p class=\"has-text-align-center\" style=\"font-size:17px\">Scientific Reports 2018<\/p>\n\n\n\n<span class=\"__dimensions_badge_embed__\" data-doi=\"10.1038\/s41598-018-35383-7\" data-legend=\"always\" data-style=\"small_circle\"><\/span><script async src=\"https:\/\/badge.dimensions.ai\/badge.js\" charset=\"utf-8\"><\/script>\n<\/div>\n\n\n\n<div class=\"wp-block-column is-layout-flow wp-block-column-is-layout-flow\" style=\"flex-basis:25%\">\n<p class=\"has-text-align-left\" style=\"font-size:16px\"><a href=\"https:\/\/www.nature.com\/articles\/s41598-018-35383-7\" target=\"_blank\" rel=\"noreferrer noopener\">Article on journal website<\/a><\/p>\n\n\n\n<p class=\"has-text-align-left\" style=\"font-size:16px\"><a href=\"https:\/\/jakobtriebel.de\/wp-content\/uploads\/2020\/06\/Robles_et_al_2018.pdf\" target=\"_blank\" rel=\"noreferrer noopener\">PDF<\/a> <\/p>\n<\/div>\n<\/div>\n\n\n\n<div class=\"wp-block-columns is-layout-flex wp-container-core-columns-is-layout-9d6595d7 wp-block-columns-is-layout-flex\">\n<div class=\"wp-block-column is-layout-flow wp-block-column-is-layout-flow\" style=\"flex-basis:25%\">\n<p class=\"has-text-align-right has-small-font-size\">Robles-Osorio, M. L., R. Garcia-Franco, C. D. Nunez-Amaro, X. Mira-Lorenzo, P. Ramirez-Neria, W. Hernandez, E. Lopez-Star, T. Bertsch, G. Martinez de la Escalera, J. Triebel and C. Clapp <\/p>\n<\/div>\n\n\n\n<div class=\"wp-block-column is-layout-flow wp-block-column-is-layout-flow\" style=\"flex-basis:50%\">\n<p class=\"has-text-align-center has-normal-font-size\"><strong>Basis and Design of a Randomized Clinical Trial to Evaluate the Effect of Levosulpiride on Retinal Alterations in Patients With Diabetic Retinopathy and Diabetic Macular Edema<\/strong> <\/p>\n\n\n\n<p class=\"has-text-align-center\" style=\"font-size:17px\">Frontiers in Endocrinology (Lausanne) 2018<\/p>\n\n\n\n<span class=\"__dimensions_badge_embed__\" data-doi=\"10.3389\/fendo.2018.00242 \" data-legend=\"always\" data-style=\"small_circle\"><\/span><script async src=\"https:\/\/badge.dimensions.ai\/badge.js\" charset=\"utf-8\"><\/script>\n<\/div>\n\n\n\n<div class=\"wp-block-column is-layout-flow wp-block-column-is-layout-flow\" style=\"flex-basis:25%\">\n<p class=\"has-text-align-left\" style=\"font-size:16px\"><a href=\"https:\/\/www.frontiersin.org\/articles\/10.3389\/fendo.2018.00242\/full\" target=\"_blank\" rel=\"noreferrer noopener\">Article on journal website<\/a><\/p>\n\n\n\n<p class=\"has-text-align-left\" style=\"font-size:16px\"><a href=\"https:\/\/jakobtriebel.de\/wp-content\/uploads\/2020\/06\/Robles_Osorio_et_al_2018.pdf\" target=\"_blank\" rel=\"noreferrer noopener\">PDF<\/a><\/p>\n\n\n\n<p class=\"has-text-align-left has-normal-font-size\"><\/p>\n<\/div>\n<\/div>\n\n\n\n<hr class=\"wp-block-separator has-alpha-channel-opacity\"\/>\n\n\n\n<div class=\"wp-block-columns is-layout-flex wp-container-core-columns-is-layout-9d6595d7 wp-block-columns-is-layout-flex\">\n<div class=\"wp-block-column is-layout-flow wp-block-column-is-layout-flow\" style=\"flex-basis:25%\">\n<p class=\"has-text-align-right has-small-font-size\">Jakob Triebel, Christin Friedrich, Andreas Leuchs, Gonzalo Mart\u00ednez de la Escalera, Carmen Clapp, Thomas Bertsch<\/p>\n<\/div>\n\n\n\n<div class=\"wp-block-column is-layout-flow wp-block-column-is-layout-flow\" style=\"flex-basis:50%\">\n<p class=\"has-text-align-center has-normal-font-size\"><strong>Human Prolactin Point Mutations and Their Projected Effect on Vasoinhibin Generation and Vasoinhibin-Related Diseases<\/strong> <\/p>\n\n\n\n<p class=\"has-text-align-center\" style=\"font-size:17px\">Frontiers in Endocrinology (Lausanne) 2017<\/p>\n\n\n\n<span class=\"__dimensions_badge_embed__\" data-doi=\"10.3389\/fendo.2017.00294 \" data-legend=\"always\" data-style=\"small_circle\"><\/span><script async src=\"https:\/\/badge.dimensions.ai\/badge.js\" charset=\"utf-8\"><\/script>\n<\/div>\n\n\n\n<div class=\"wp-block-column is-layout-flow wp-block-column-is-layout-flow\" style=\"flex-basis:25%\">\n<p class=\"has-text-align-left\" style=\"font-size:16px\"><a href=\"https:\/\/www.frontiersin.org\/articles\/10.3389\/fendo.2017.00294\/full\" target=\"_blank\" rel=\"noreferrer noopener\">Article on journal website<\/a><\/p>\n\n\n\n<p class=\"has-text-align-left\" style=\"font-size:16px\"><a href=\"https:\/\/jakobtriebel.de\/wp-content\/uploads\/2020\/06\/Triebel_et_al_2017_e.pdf\" target=\"_blank\" rel=\"noreferrer noopener\">PDF<\/a><\/p>\n\n\n\n<p class=\"has-text-align-left has-normal-font-size\"><\/p>\n<\/div>\n<\/div>\n\n\n\n<div class=\"wp-block-columns is-layout-flex wp-container-core-columns-is-layout-9d6595d7 wp-block-columns-is-layout-flex\">\n<div class=\"wp-block-column is-layout-flow wp-block-column-is-layout-flow\" style=\"flex-basis:25%\">\n<p class=\"has-text-align-right has-small-font-size\">Zepeda-Romero, L. C., M. Vazquez-Membrillo, E. Adan-Castro, F. Gomez-Aguayo, J. A. Gutierrez-Padilla, E. Angulo-Castellanos, J. C. Barrera de Leon, C. Gonzalez-Bernal, M. A. Quezada-Chalita, A. Meza-Anguiano, N. Diaz-Lezama, G. Martinez de la Escalera, J. Triebel and C. Clapp<\/p>\n<\/div>\n\n\n\n<div class=\"wp-block-column is-layout-flow wp-block-column-is-layout-flow\" style=\"flex-basis:50%\">\n<p class=\"has-text-align-center has-normal-font-size\"><strong>Higher prolactin and vasoinhibin serum levels associated with incidence and progression of retinopathy of prematurity<\/strong> <\/p>\n\n\n\n<p class=\"has-text-align-center\" style=\"font-size:17px\">Pediatric Research 2017<\/p>\n\n\n\n<span class=\"__dimensions_badge_embed__\" data-doi=\"10.1038\/pr.2016.241\" data-legend=\"always\" data-style=\"small_circle\"><\/span><script async src=\"https:\/\/badge.dimensions.ai\/badge.js\" charset=\"utf-8\"><\/script>\n<\/div>\n\n\n\n<div class=\"wp-block-column is-layout-flow wp-block-column-is-layout-flow\" style=\"flex-basis:25%\">\n<p class=\"has-text-align-left\" style=\"font-size:16px\"><a href=\"https:\/\/www.nature.com\/articles\/pr2016241\" target=\"_blank\" rel=\"noreferrer noopener\">Article on journal website<\/a><\/p>\n\n\n\n<p class=\"has-text-align-left\" style=\"font-size:16px\"><a href=\"https:\/\/jakobtriebel.de\/wp-content\/uploads\/2020\/06\/Zepeda_Romero_et_al_2017.pdf\" target=\"_blank\" rel=\"noreferrer noopener\">PDF<\/a>&nbsp;<\/p>\n\n\n\n<p class=\"has-text-align-left has-normal-font-size\"><\/p>\n<\/div>\n<\/div>\n\n\n\n<div class=\"wp-block-columns is-layout-flex wp-container-core-columns-is-layout-9d6595d7 wp-block-columns-is-layout-flex\">\n<div class=\"wp-block-column is-layout-flow wp-block-column-is-layout-flow\" style=\"flex-basis:25%\">\n<p class=\"has-text-align-right has-small-font-size\">Behnes, M., B. Sartorius, A. Wenke, S. Lang, U. Hoffmann, C. Fastner, M. Borggrefe, T. Roth, J. Triebel, T. Bertsch and I. Akin<\/p>\n<\/div>\n\n\n\n<div class=\"wp-block-column is-layout-flow wp-block-column-is-layout-flow\" style=\"flex-basis:50%\">\n<p class=\"has-text-align-center has-normal-font-size\"><strong>Percutaneous Closure of Left Atrial Appendage affects Mid-Term Release of MR-proANP<\/strong> <\/p>\n\n\n\n<p class=\"has-text-align-center\" style=\"font-size:17px\">Scientific Reports 2017<\/p>\n\n\n\n<span class=\"__dimensions_badge_embed__\" data-doi=\"10.1038\/s41598-017-08999-4\" data-legend=\"always\" data-style=\"small_circle\"><\/span><script async src=\"https:\/\/badge.dimensions.ai\/badge.js\" charset=\"utf-8\"><\/script>\n<\/div>\n\n\n\n<div class=\"wp-block-column is-layout-flow wp-block-column-is-layout-flow\" style=\"flex-basis:25%\">\n<p class=\"has-text-align-left\" style=\"font-size:16px\"><a rel=\"noreferrer noopener\" href=\"https:\/\/www.nature.com\/articles\/s41598-017-08999-4\" target=\"_blank\">Article on journal website<\/a><\/p>\n<\/div>\n<\/div>\n\n\n\n<hr class=\"wp-block-separator has-alpha-channel-opacity\"\/>\n\n\n\n<div class=\"wp-block-columns is-layout-flex wp-container-core-columns-is-layout-9d6595d7 wp-block-columns-is-layout-flex\">\n<div class=\"wp-block-column is-layout-flow wp-block-column-is-layout-flow\" style=\"flex-basis:25%\">\n<p class=\"has-text-align-right has-small-font-size\">Triebel, J., A. I. Moreno-Vega, M. Vazquez-Membrillo, G. Nava, R. Garcia-Franco, E. Lopez-Star, O. Baldivieso-Hurtado, D. Ochoa, Y. Macotela, T. Bertsch, G. Martinez de la Escalera and C. Clapp<\/p>\n<\/div>\n\n\n\n<div class=\"wp-block-column is-layout-flow wp-block-column-is-layout-flow\" style=\"flex-basis:50%\">\n<p class=\"has-text-align-center has-normal-font-size\"><strong>High Prolactin Excretion in Patients with Diabetes Mellitus and Impaired Renal Function<\/strong> <\/p>\n\n\n\n<p class=\"has-text-align-center\" style=\"font-size:17px\">Clinical Laboratory 2015<\/p>\n\n\n\n<span class=\"__dimensions_badge_embed__\" data-doi=\"10.7754\/Clin.Lab.2014.141237\" data-legend=\"always\" data-style=\"small_circle\"><\/span><script async src=\"https:\/\/badge.dimensions.ai\/badge.js\" charset=\"utf-8\"><\/script>\n<\/div>\n\n\n\n<div class=\"wp-block-column is-layout-flow wp-block-column-is-layout-flow\" style=\"flex-basis:25%\">\n<p class=\"has-text-align-left\" style=\"font-size:16px\"><a href=\"https:\/\/www.clin-lab-publications.com\/article\/1817\" target=\"_blank\" rel=\"noreferrer noopener\">Article on journal website<\/a><\/p>\n\n\n\n<p class=\"has-text-align-left\" style=\"font-size:16px\"><a href=\"https:\/\/jakobtriebel.de\/wp-content\/uploads\/2018\/08\/Triebel_et_al_2015.pdf\" target=\"_blank\" rel=\"noreferrer noopener\">PDF<\/a>&nbsp;<\/p>\n\n\n\n<p class=\"has-text-align-left has-normal-font-size\"><\/p>\n<\/div>\n<\/div>\n\n\n\n<div class=\"wp-block-columns is-layout-flex wp-container-core-columns-is-layout-9d6595d7 wp-block-columns-is-layout-flex\">\n<div class=\"wp-block-column is-layout-flow wp-block-column-is-layout-flow\" style=\"flex-basis:25%\">\n<p class=\"has-text-align-right has-small-font-size\">Djukic, M., N. Sostmann, T. Bertsch, M. Mecke, S. Nessler, A. Manig, U. K. Hanisch, J. Triebel, L. C. Bollheimer, C. Sieber and R. Nau<\/p>\n<\/div>\n\n\n\n<div class=\"wp-block-column is-layout-flow wp-block-column-is-layout-flow\" style=\"flex-basis:50%\">\n<p class=\"has-text-align-center\"><strong>Vitamin D deficiency decreases survival of bacterial meningoencephalitis in mice<\/strong> <\/p>\n\n\n\n<p class=\"has-text-align-center\" style=\"font-size:17px\">Journal of Neuroinflammation 2015<\/p>\n\n\n\n<span class=\"__dimensions_badge_embed__\" data-doi=\"10.1186\/s12974-014-0208-1\" data-legend=\"always\" data-style=\"small_circle\"><\/span><script async src=\"https:\/\/badge.dimensions.ai\/badge.js\" charset=\"utf-8\"><\/script>\n<\/div>\n\n\n\n<div class=\"wp-block-column is-layout-flow wp-block-column-is-layout-flow\" style=\"flex-basis:25%\">\n<p class=\"has-text-align-left\" style=\"font-size:16px\"><a href=\"https:\/\/doi.org\/10.1186\/s12974-014-0208-1\" target=\"_blank\" rel=\"noreferrer noopener\">Article on journal website<\/a><\/p>\n<\/div>\n<\/div>\n\n\n\n<hr class=\"wp-block-separator has-alpha-channel-opacity\"\/>\n\n\n\n<div class=\"wp-block-columns is-layout-flex wp-container-core-columns-is-layout-9d6595d7 wp-block-columns-is-layout-flex\">\n<div class=\"wp-block-column is-layout-flow wp-block-column-is-layout-flow\" style=\"flex-basis:25%\">\n<p class=\"has-text-align-right has-small-font-size\">Adan, N., J. Guzman-Morales, M. G. Ledesma-Colunga, S. I. Perales-Canales, A. Quintanar-Stephano, F. Lopez-Barrera, I. Mendez, B. Moreno-Carranza, J. Triebel, N. Binart, G. Martinez de la Escalera, S. Thebault and C. Clapp<\/p>\n<\/div>\n\n\n\n<div class=\"wp-block-column is-layout-flow wp-block-column-is-layout-flow\" style=\"flex-basis:50%\">\n<p class=\"has-text-align-center\"><strong>Prolactin promotes cartilage survival and attenuates inflammation in inflammatory arthritis<\/strong> <\/p>\n\n\n\n<p class=\"has-text-align-center\" style=\"font-size:17px\">Journal of Clinical Investigation 2013<\/p>\n\n\n\n<span class=\"__dimensions_badge_embed__\" data-doi=\"10.1172\/JCI69485\" data-legend=\"always\" data-style=\"small_circle\"><\/span><script async src=\"https:\/\/badge.dimensions.ai\/badge.js\" charset=\"utf-8\"><\/script>\n<\/div>\n\n\n\n<div class=\"wp-block-column is-layout-flow wp-block-column-is-layout-flow\" style=\"flex-basis:25%\">\n<p class=\"has-text-align-left\" style=\"font-size:16px\"><a href=\"https:\/\/www.jci.org\/articles\/view\/69485\" target=\"_blank\" rel=\"noreferrer noopener\">Article on journal website<\/a><\/p>\n\n\n\n<p class=\"has-text-align-left\" style=\"font-size:16px\"><a href=\"https:\/\/jakobtriebel.de\/wp-content\/uploads\/2018\/08\/Adan_et_al_2013.pdf\" target=\"_blank\" rel=\"noreferrer noopener\">PDF<\/a>&nbsp; <\/p>\n<\/div>\n<\/div>\n\n\n\n<div class=\"wp-block-columns is-layout-flex wp-container-core-columns-is-layout-9d6595d7 wp-block-columns-is-layout-flex\">\n<div class=\"wp-block-column is-layout-flow wp-block-column-is-layout-flow\" style=\"flex-basis:25%\">\n<p class=\"has-text-align-right has-small-font-size\">Moreno-Carranza, B., M. Goya-Arce, C. Vega, N. Adan, J. Triebel, F. Lopez-Barrera, A. Quintanar-Stephano, N. Binart, G. Martinez de la Escalera and C. Clapp<\/p>\n<\/div>\n\n\n\n<div class=\"wp-block-column is-layout-flow wp-block-column-is-layout-flow\" style=\"flex-basis:50%\">\n<p class=\"has-text-align-center has-normal-font-size\"><strong>Prolactin promotes normal liver growth, survival, and regeneration in rodents: effects on hepatic IL-6, suppressor of cytokine signaling-3, and angiogenesis <\/strong><\/p>\n\n\n\n<p class=\"has-text-align-center\" style=\"font-size:17px\">American Journal of Physiology &#8211; Regulatory, Integrative and Comparative Physiology 2013<\/p>\n\n\n\n<span class=\"__dimensions_badge_embed__\" data-doi=\"10.1152\/ajpregu.00282.2013\" data-legend=\"always\" data-style=\"small_circle\"><\/span><script async src=\"https:\/\/badge.dimensions.ai\/badge.js\" charset=\"utf-8\"><\/script>\n<\/div>\n\n\n\n<div class=\"wp-block-column is-layout-flow wp-block-column-is-layout-flow\" style=\"flex-basis:25%\">\n<p style=\"font-size:16px\"><a href=\"https:\/\/www.physiology.org\/doi\/full\/10.1152\/ajpregu.00282.2013\" target=\"_blank\" rel=\"noreferrer noopener\">Article on journal website<\/a><\/p>\n\n\n\n<p style=\"font-size:16px\"><a href=\"https:\/\/jakobtriebel.de\/wp-content\/uploads\/2020\/06\/Moreno_Carranza_et_al_2013.pdf\" target=\"_blank\" rel=\"noreferrer noopener\">PDF<\/a>&nbsp; <\/p>\n<\/div>\n<\/div>\n\n\n\n<hr class=\"wp-block-separator has-alpha-channel-opacity\"\/>\n\n\n\n<div class=\"wp-block-columns is-layout-flex wp-container-core-columns-is-layout-9d6595d7 wp-block-columns-is-layout-flex\">\n<div class=\"wp-block-column is-layout-flow wp-block-column-is-layout-flow\" style=\"flex-basis:25%\">\n<p class=\"has-text-align-right has-small-font-size\">Malik, I. A., J. Triebel, J. Posselt, S. Khan, P. Ramadori, D. Raddatz and G. Ramadori<\/p>\n<\/div>\n\n\n\n<div class=\"wp-block-column is-layout-flow wp-block-column-is-layout-flow\" style=\"flex-basis:50%\">\n<p class=\"has-text-align-center has-normal-font-size\"><strong>Melanocortin receptors in rat liver cells: change of gene expression and intracellular localization during acute-phase response<\/strong> <\/p>\n\n\n\n<p class=\"has-text-align-center\" style=\"font-size:17px\">Histochemistry and Cell Biology 2012<\/p>\n\n\n\n<span class=\"__dimensions_badge_embed__\" data-pmid=\"22183812\" data-legend=\"always\" data-style=\"small_circle\"><\/span><script async src=\"https:\/\/badge.dimensions.ai\/badge.js\" charset=\"utf-8\"><\/script>\n<\/div>\n\n\n\n<div class=\"wp-block-column is-layout-flow wp-block-column-is-layout-flow\" style=\"flex-basis:25%\">\n<p style=\"font-size:16px\"><a href=\"https:\/\/link.springer.com\/article\/10.1007\/s00418-011-0899-7\" target=\"_blank\" rel=\"noreferrer noopener\">Article on journal website<\/a><\/p>\n\n\n\n<p class=\"has-text-align-left\" style=\"font-size:16px\"><a href=\"https:\/\/jakobtriebel.de\/wp-content\/uploads\/2018\/08\/MT_et_al_2012.pdf\" target=\"_blank\" rel=\"noreferrer noopener\">PDF<\/a><\/p>\n<\/div>\n<\/div>\n\n\n\n<hr class=\"wp-block-separator has-alpha-channel-opacity\"\/>\n\n\n\n<div class=\"wp-block-columns is-layout-flex wp-container-core-columns-is-layout-9d6595d7 wp-block-columns-is-layout-flex\">\n<div class=\"wp-block-column is-layout-flow wp-block-column-is-layout-flow\" style=\"flex-basis:25%\">\n<p class=\"has-text-align-right has-small-font-size\">Triebel, J., M. Huefner and G. Ramadori<\/p>\n<\/div>\n\n\n\n<div class=\"wp-block-column is-layout-flow wp-block-column-is-layout-flow\" style=\"flex-basis:50%\">\n<p class=\"has-text-align-center has-normal-font-size\"><strong>Investigation of prolactin-related vasoinhibin in sera from patients with diabetic retinopathy<\/strong> <\/p>\n\n\n\n<p class=\"has-text-align-center\" style=\"font-size:17px\">European Journal of Endocrinology 2009<\/p>\n\n\n\n<span class=\"__dimensions_badge_embed__\" data-doi=\"10.1530\/eje-09-0130\" data-legend=\"always\" data-style=\"small_circle\"><\/span><script async src=\"https:\/\/badge.dimensions.ai\/badge.js\" charset=\"utf-8\"><\/script>\n<\/div>\n\n\n\n<div class=\"wp-block-column is-layout-flow wp-block-column-is-layout-flow\" style=\"flex-basis:25%\">\n<p class=\"has-text-align-left\" style=\"font-size:16px\"><a href=\"https:\/\/doi.org\/10.1530\/EJE-09-0130\" target=\"_blank\" rel=\"noreferrer noopener\">Article on journal website<\/a><\/p>\n\n\n\n<p class=\"has-text-align-left\" style=\"font-size:16px\"><a href=\"https:\/\/jakobtriebel.de\/wp-content\/uploads\/2020\/06\/Triebel_et_al_2009.pdf\" target=\"_blank\" rel=\"noreferrer noopener\">PDF<\/a> <\/p>\n<\/div>\n<\/div>\n\n\n\n<hr class=\"wp-block-separator has-alpha-channel-opacity\"\/>\n\n\n\n<p><\/p>\n","protected":false},"excerpt":{"rendered":"<p>Miguel A. Garc\u00eda-Gonz\u00e1lez, Alejandro D. Miguel-Mart\u00ednez, Abimael Gonz\u00e1lez-Hern\u00e1ndez, Magdalena Zamora, Elva Ad\u00e1n-Castro, Xarubet Ru\u00edz-Herrera, Mar\u00eda A. Carbajo-Mata, Jakob Triebel, Thomas Bertsch, Jos\u00e9 G. Lopez-Lopez, Gonzalo Mart\u00ednez de la Escalera, Juan<\/p>\n","protected":false},"author":1,"featured_media":0,"parent":0,"menu_order":2,"comment_status":"closed","ping_status":"closed","template":"","meta":{"footnotes":""},"class_list":["post-657","page","type-page","status-publish","hentry","comments-off"],"_links":{"self":[{"href":"https:\/\/jakobtriebel.de\/index.php?rest_route=\/wp\/v2\/pages\/657","targetHints":{"allow":["GET"]}}],"collection":[{"href":"https:\/\/jakobtriebel.de\/index.php?rest_route=\/wp\/v2\/pages"}],"about":[{"href":"https:\/\/jakobtriebel.de\/index.php?rest_route=\/wp\/v2\/types\/page"}],"author":[{"embeddable":true,"href":"https:\/\/jakobtriebel.de\/index.php?rest_route=\/wp\/v2\/users\/1"}],"replies":[{"embeddable":true,"href":"https:\/\/jakobtriebel.de\/index.php?rest_route=%2Fwp%2Fv2%2Fcomments&post=657"}],"version-history":[{"count":205,"href":"https:\/\/jakobtriebel.de\/index.php?rest_route=\/wp\/v2\/pages\/657\/revisions"}],"predecessor-version":[{"id":1508,"href":"https:\/\/jakobtriebel.de\/index.php?rest_route=\/wp\/v2\/pages\/657\/revisions\/1508"}],"wp:attachment":[{"href":"https:\/\/jakobtriebel.de\/index.php?rest_route=%2Fwp%2Fv2%2Fmedia&parent=657"}],"curies":[{"name":"wp","href":"https:\/\/api.w.org\/{rel}","templated":true}]}}